{"version":"1.0","type":"rich","provider_name":"WebTh\u00e9\u00e2tre&nbsp;: Actualit\u00e9 critique des spectacles, th\u00e9\u00e2tre, op\u00e9ra, musique, danse - Paris et r\u00e9gions, Belgique, Espagne","provider_url":"https:\/\/www.webtheatre.fr","title":"Renaissance avec \u00e9clat d\u2019un op\u00e9ra baroque oubli\u00e9","author_name":"Pierre-Ren\u00e9 Serna","width":"1200","height":"800","url":"https:\/\/webtheatre.fr\/Renaissance-avec-eclat-d-un-opera-baroque-oublie","html":"\u003Ch4 class='title'\u003E\u003Ca href='https:\/\/webtheatre.fr\/Renaissance-avec-eclat-d-un-opera-baroque-oublie'\u003ERenaissance avec \u00e9clat d\u2019un op\u00e9ra baroque oubli\u00e9\u003C\/a\u003E\u003C\/h4\u003E\u003Cblockquote class='spip'\u003E\n\u003Cp\u003ELE FESTIVAL DE MUSIQUE BAROQUE Barokkfest, cr\u00e9\u00e9 en 2013, poursuit son chemin hors des habitudes. Men\u00e9 par Martin W\u00e5hlberg, \u00e9galement directeur de l\u2019ensemble sur instruments d\u2019\u00e9poque Orkester Nord, le festival comme l\u2019orchestre sont sis \u00e0 Trondheim. Trondheim est une moyenne ville pittoresque, situ\u00e9e au c\u0153ur de la Norv\u00e8ge, qui fut un temps la capitale du pays dont elle a gard\u00e9 une cath\u00e9drale gothique monumentale et le palais royal, en sus de jolies maisons anciennes en bord de fleuve. Dans un&nbsp;(\u2026)\u003C\/p\u003E\n\u003C\/blockquote\u003E\n"}