{"version":"1.0","type":"rich","provider_name":"WebTh\u00e9\u00e2tre&nbsp;: Actualit\u00e9 critique des spectacles, th\u00e9\u00e2tre, op\u00e9ra, musique, danse - Paris et r\u00e9gions, Belgique, Espagne","provider_url":"https:\/\/www.webtheatre.fr","title":"O\u00f9 es-tu&nbsp;? de Keren Ann et Ir\u00e8ne Jacob","author_name":"Corinne Denailles","width":"1200","height":"800","url":"https:\/\/webtheatre.fr\/Ou-es-tu-de-Keren-Ann-et-Irene-Jacob","html":"\u003Ch4 class='title'\u003E\u003Ca href='https:\/\/webtheatre.fr\/Ou-es-tu-de-Keren-Ann-et-Irene-Jacob'\u003EO\u00f9 es-tu&nbsp;? de Keren Ann et Ir\u00e8ne Jacob\u003C\/a\u003E\u003C\/h4\u003E\u003Cblockquote class='spip'\u003E\n\u003Cp\u003EDurant la pand\u00e9mie du Covid, les deux amies, g\u00e9ographiquement \u00e9loign\u00e9es, ne pouvaient plus se voir. Elles ont contourn\u00e9 l\u2019obstacle \u00e0 travers une conversation \u00e0 distance. Mais pas n\u2019importe quelle conversation. Chaque dimanche, Keren Ann chantait une chanson \u00e0 Ir\u00e8ne Jacob qui lui r\u00e9pondait par la lecture d\u2019un texte po\u00e9tique. Elles ont diffus\u00e9 ces \u00e9changes sur Instagram. Quand cela est devenu possible, elles ont \u00e9toff\u00e9 ce d\u00e9but de projet sous la forme d\u2019un podcast, et, finalement, en 2021,&nbsp;(\u2026)\u003C\/p\u003E\n\u003C\/blockquote\u003E\n"}