{"version":"1.0","type":"rich","provider_name":"WebTh\u00e9\u00e2tre&nbsp;: Actualit\u00e9 critique des spectacles, th\u00e9\u00e2tre, op\u00e9ra, musique, danse - Paris et r\u00e9gions, Belgique, Espagne","provider_url":"https:\/\/www.webtheatre.fr","title":"Le drame lyrique \u00e0 l\u2019Op\u00e9ra-Comique","author_name":"Christian Wasselin","width":"1200","height":"800","url":"https:\/\/webtheatre.fr\/Le-drame-lyrique-a-l-Opera-Comique","html":"\u003Ch4 class='title'\u003E\u003Ca href='https:\/\/webtheatre.fr\/Le-drame-lyrique-a-l-Opera-Comique'\u003ELe drame lyrique \u00e0 l\u2019Op\u00e9ra-Comique\u003C\/a\u003E\u003C\/h4\u003E\u003Cblockquote class='spip'\u003E\n\u003Cp\u003EEN QUELQUES MOTS&nbsp;: en 1899, deux statues furent install\u00e9es dans le vestibule de la nouvelle salle Favart&nbsp;: celle qu\u2019on appelle aujourd\u2019hui Manon, sign\u00e9e Antonin Merci\u00e9, all\u00e9gorie de l\u2019op\u00e9ra-comique du XVIIIe si\u00e8cle&nbsp;; et, \u00e0 c\u00f4t\u00e9 d\u2019elle, non pas la Carmen actuelle, mais une all\u00e9gorie du drame lyrique command\u00e9e par l\u2019\u00c9tat, en 1897, \u00e0 Alexandre Falgui\u00e8re (1831-1900). Au printemps 1919, Le Drame lyrique est retir\u00e9 et remplac\u00e9 par une Carmen sign\u00e9e Guiraud-Rivi\u00e8re, ce qui entra\u00eene une&nbsp;(\u2026)\u003C\/p\u003E\n\u003C\/blockquote\u003E\n"}