{"version":"1.0","type":"rich","provider_name":"WebTh\u00e9\u00e2tre&nbsp;: Actualit\u00e9 critique des spectacles, th\u00e9\u00e2tre, op\u00e9ra, musique, danse - Paris et r\u00e9gions, Belgique, Espagne","provider_url":"https:\/\/www.webtheatre.fr","title":"La voix, le piano, la nuit","author_name":"Christian Wasselin","width":"1200","height":"800","url":"https:\/\/webtheatre.fr\/La-voix-le-piano-la-nuit","html":"\u003Ch4 class='title'\u003E\u003Ca href='https:\/\/webtheatre.fr\/La-voix-le-piano-la-nuit'\u003ELa voix, le piano, la nuit\u003C\/a\u003E\u003C\/h4\u003E\u003Cblockquote class='spip'\u003E\n\u003Cp\u003EANNE RODIER A D\u00c9J\u00c0 EFFECTU\u00c9 UNE BELLE CARRI\u00c8RE&nbsp;: \u00e9l\u00e8ve du Conservatoire de Montpellier puis du Conservatoire de Paris o\u00f9 elle a \u00e9tudi\u00e9 le chant avec Mich\u00e8le Command, Eva Saurova, Yves Sotin et Mady Mespl\u00e9, mais aussi le th\u00e9\u00e2tre avec Jo\u00eblle Vautier, elle a remport\u00e9 le Grand Prix de m\u00e9lodie fran\u00e7aise Mady Mespl\u00e9 en 1999 \u00e0 Clermont-Ferrand. Attach\u00e9e au grand r\u00e9pertoire (Orph\u00e9e de Gluck, Nedda de Pagliacci, Didon de Purcell, In\u00e8s du Trouv\u00e8re\u2026) et \u00e0 la cr\u00e9ation (elle a incarn\u00e9 le personnage&nbsp;(\u2026)\u003C\/p\u003E\n\u003C\/blockquote\u003E\n"}