{"version":"1.0","type":"rich","provider_name":"WebTh\u00e9\u00e2tre&nbsp;: Actualit\u00e9 critique des spectacles, th\u00e9\u00e2tre, op\u00e9ra, musique, danse - Paris et r\u00e9gions, Belgique, Espagne","provider_url":"https:\/\/www.webtheatre.fr","title":"La musique comme partage ","author_name":"H\u00e9l\u00e8ne Pierrakos","width":"1200","height":"800","url":"https:\/\/webtheatre.fr\/La-musique-comme-partage","html":"\u003Ch4 class='title'\u003E\u003Ca href='https:\/\/webtheatre.fr\/La-musique-comme-partage'\u003ELa musique comme partage \u003C\/a\u003E\u003C\/h4\u003E\u003Cblockquote class='spip'\u003E\n\u003Cp\u003EAVEC D\u2019ABORD POUR CENTRE N\u00c9VRALGIQUE le petit village de Thir\u00e9, dans le sud de la Vend\u00e9e, l\u2019activit\u00e9 locale des Arts Florissants s\u2019est ancr\u00e9e plus largement dans cette r\u00e9gion. \u00c0 Thir\u00e9, William Christie, fondateur de l\u2019ensemble et qui y avait acquis une maison en 1985, a cr\u00e9\u00e9 un parc inspir\u00e9 des jardins \u00e0 la fran\u00e7aise et \u00e0 l\u2019italienne des XVIIe et XVIIIe si\u00e8cles, aujourd\u2019hui reconnu &#171;&nbsp;Jardin remarquable\", o\u00f9 a lieu en ao\u00fbt le Festival d\u2019\u00e9t\u00e9 des Arts Florissants. Autour de Thir\u00e9 (qui renferme&nbsp;(\u2026)\u003C\/p\u003E\n\u003C\/blockquote\u003E\n"}