{"version":"1.0","type":"rich","provider_name":"WebTh\u00e9\u00e2tre&nbsp;: Actualit\u00e9 critique des spectacles, th\u00e9\u00e2tre, op\u00e9ra, musique, danse - Paris et r\u00e9gions, Belgique, Espagne","provider_url":"https:\/\/www.webtheatre.fr","title":"La malle aux tr\u00e9sors de Bizet","author_name":"Christian Wasselin","width":"1200","height":"800","url":"https:\/\/webtheatre.fr\/La-malle-aux-tresors-de-Bizet","html":"\u003Ch4 class='title'\u003E\u003Ca href='https:\/\/webtheatre.fr\/La-malle-aux-tresors-de-Bizet'\u003ELa malle aux tr\u00e9sors de Bizet\u003C\/a\u003E\u003C\/h4\u003E\u003Cblockquote class='spip'\u003E\n\u003Cp\u003ELEONARD BERNSTEIN \u00c9PROUVAIT COMME UNE PASSION pour l\u2019Ouverture de Raymond d\u2019Ambroise Thomas, qu\u2019il inscrivait volontiers au programme de ses concerts. Cet enthousiasme n\u2019a pas surv\u00e9cu \u00e0 la mort de Lenny, mais d\u2019autres op\u00e9ras d\u2019Ambroise Thomas, depuis quelques ann\u00e9es, connaissent un regain d\u2019int\u00e9r\u00eat&nbsp;: on a pu voir Hamlet \u00e0 l\u2019Op\u00e9ra-Comique et \u00e0 l\u2019Op\u00e9ra, Psych\u00e9 a fait l\u2019objet d\u2019un enregistrement \u00e0 l\u2019initiative du Palazzetto Bru Zane, et c\u2019est l\u2019ouverture de Mignon qui vient d\u2019ouvrir un concert&nbsp;(\u2026)\u003C\/p\u003E\n\u003C\/blockquote\u003E\n"}