{"version":"1.0","type":"rich","provider_name":"WebTh\u00e9\u00e2tre&nbsp;: Actualit\u00e9 critique des spectacles, th\u00e9\u00e2tre, op\u00e9ra, musique, danse - Paris et r\u00e9gions, Belgique, Espagne","provider_url":"https:\/\/www.webtheatre.fr","title":"&#171;&nbsp;L\u2019op\u00e9ra est du cin\u00e9ma, en chair et en os&nbsp;&#187;","author_name":"Quentin Laurens","width":"1200","height":"800","url":"https:\/\/webtheatre.fr\/L-opera-est-du-cinema-en-chair-et-en-os","html":"\u003Ch4 class='title'\u003E\u003Ca href='https:\/\/webtheatre.fr\/L-opera-est-du-cinema-en-chair-et-en-os'\u003E&#171;&nbsp;L\u2019op\u00e9ra est du cin\u00e9ma, en chair et en os&nbsp;&#187;\u003C\/a\u003E\u003C\/h4\u003E\u003Cblockquote class='spip'\u003E\n\u003Cp\u003EJean-Marie Machado, vous \u00eates connu comme un homme du jazz, pourquoi un op\u00e9ra&nbsp;? JMM&nbsp;: Ce n\u2019est pas tr\u00e8s commun dans l\u2019univers des jazz de faire un op\u00e9ra. Le propre de mon orchestre a toujours \u00e9t\u00e9 de composer avec des origines, des personnalit\u00e9s, des influences diff\u00e9rentes. Je ne con\u00e7ois pas une vie consacr\u00e9e \u00e0 un seul genre musical, je consid\u00e8re plut\u00f4t que je fais du collage pour fabriquer un nouveau langage, ma musique ressemble \u00e0 \u00e7a&nbsp;! \n\u003Cbr class='autobr' \/\u003E\nAvec La Falaise des lendemains, op\u00e9ra aux influences&nbsp;(\u2026)\u003C\/p\u003E\n\u003C\/blockquote\u003E\n"}