{"version":"1.0","type":"rich","provider_name":"WebTh\u00e9\u00e2tre&nbsp;: Actualit\u00e9 critique des spectacles, th\u00e9\u00e2tre, op\u00e9ra, musique, danse - Paris et r\u00e9gions, Belgique, Espagne","provider_url":"https:\/\/www.webtheatre.fr","title":"\u00c9clatant retour aux sources","author_name":"Pierre-Ren\u00e9 Serna","width":"1200","height":"800","url":"https:\/\/webtheatre.fr\/Eclatant-retour-aux-sources","html":"\u003Ch4 class='title'\u003E\u003Ca href='https:\/\/webtheatre.fr\/Eclatant-retour-aux-sources'\u003E\u00c9clatant retour aux sources\u003C\/a\u003E\u003C\/h4\u003E\u003Cblockquote class='spip'\u003E\n\u003Cp\u003EL\u2019OP\u00c9RA-COMIQUE SE DISTINGUE D\u00c9CID\u00c9MENT, pr\u00e9sentant l\u2019\u00e9tat original du Faust de Gounod tel qu\u2019il fut cr\u00e9\u00e9 le 19 mars 1859. Il s\u2019agissait alors, comme il se doit (au Th\u00e9\u00e2tre-Lyrique, anc\u00eatre de l\u2019Op\u00e9ra-Comique), d\u2019un op\u00e9ra-comique pourvu de dialogues parl\u00e9s, qualifi\u00e9 de &#171;&nbsp;demi-genre&nbsp;&#187;. La reconstitution de cet \u00e9tat original est revenue \u00e0 Paul Pr\u00e9vost avec l\u2019aide de G\u00e9rard Cond\u00e9 (assorti d\u2019une nouvelle \u00e9dition de la partition chez B\u00e4renreiter), sous l\u2019\u00e9gide du Palazzetto Bru Zane. Cette&nbsp;(\u2026)\u003C\/p\u003E\n\u003C\/blockquote\u003E\n"}