{"version":"1.0","type":"rich","provider_name":"WebTh\u00e9\u00e2tre&nbsp;: Actualit\u00e9 critique des spectacles, th\u00e9\u00e2tre, op\u00e9ra, musique, danse - Paris et r\u00e9gions, Belgique, Espagne","provider_url":"https:\/\/www.webtheatre.fr","title":"Des Femmes de R\u00e9gis Martrin-Donos sur une id\u00e9e de Fernanda Barth","author_name":"Dominique Darzacq","width":"1200","height":"800","url":"https:\/\/webtheatre.fr\/Des-femmes-de-Regis-Martrin-Donos","html":"\u003Ch4 class='title'\u003E\u003Ca href='https:\/\/webtheatre.fr\/Des-femmes-de-Regis-Martrin-Donos'\u003EDes Femmes de R\u00e9gis Martrin-Donos sur une id\u00e9e de Fernanda Barth\u003C\/a\u003E\u003C\/h4\u003E\u003Cblockquote class='spip'\u003E\n\u003Cp\u003EDe toute \u00e9vidence Fernanda Barth a du chien, du charme et est d\u2019un alliage bien apte \u00e0 br\u00fbler les planches. Form\u00e9e notamment au Conservatoire Sup\u00e9rieur d\u2019Art Dramatique de Paris, elle s\u2019est d\u00e9j\u00e0 fait remarqu\u00e9e dans de nombreux spectacles et notamment la saison derni\u00e8re, au Th\u00e9\u00e2tre de la Colline  dans M comme M\u00e9d\u00e9e   con\u00e7u et r\u00e9alis\u00e9 par Astrid Bayia. \n\u003Cbr class='autobr' \/\u003E\nFernanda Barth qui se revendique &#171;&nbsp;f\u00e9ministe politique&nbsp;&#187;  pour r\u00e9pondre \u00e0 sa fa\u00e7on &#171;&nbsp;aux violences faites aux femmes&nbsp;&#187; a imagin\u00e9 un spectacle&nbsp;(\u2026)\u003C\/p\u003E\n\u003C\/blockquote\u003E\n"}