{"version":"1.0","type":"rich","provider_name":"WebTh\u00e9\u00e2tre&nbsp;: Actualit\u00e9 critique des spectacles, th\u00e9\u00e2tre, op\u00e9ra, musique, danse - Paris et r\u00e9gions, Belgique, Espagne","provider_url":"https:\/\/www.webtheatre.fr","title":"Ad\u00e8s et Sibelius par Ad\u00e8s","author_name":"Christian Wasselin","width":"1200","height":"800","url":"https:\/\/webtheatre.fr\/Ades-et-Sibelius-par-Ades","html":"\u003Ch4 class='title'\u003E\u003Ca href='https:\/\/webtheatre.fr\/Ades-et-Sibelius-par-Ades'\u003EAd\u00e8s et Sibelius par Ad\u00e8s\u003C\/a\u003E\u003C\/h4\u003E\u003Cblockquote class='spip'\u003E\n\u003Cp\u003EEN 2007, THOMAS AD\u00c8S \u00c9TAIT LE H\u00c9ROS, \u00e0 Radio France, du Festival Pr\u00e9sences. Depuis lors, nous avons eu l\u2019occasion de d\u00e9couvrir ses op\u00e9ras, notamment Powder her Face \u00e0 l\u2019Ath\u00e9n\u00e9e et The Exterminating Angel \u00e0 l\u2019Op\u00e9ra Bastille, cet ouvrage ayant permis \u00e0 Calixto Bieito de momentan\u00e9ment retrouver de l\u2019inspiration et au compositeur de montrer ses qualit\u00e9s de chef d\u2019orchestre. Revoici Thomas Ad\u00e8s, \u00e0 l\u2019invitation de Radio France, en tant que chef et compositeur, dans un programme fort bien balanc\u00e9&nbsp;(\u2026)\u003C\/p\u003E\n\u003C\/blockquote\u003E\n"}