{"version":"1.0","type":"rich","provider_name":"WebTh\u00e9\u00e2tre&nbsp;: Actualit\u00e9 critique des spectacles, th\u00e9\u00e2tre, op\u00e9ra, musique, danse - Paris et r\u00e9gions, Belgique, Espagne","provider_url":"https:\/\/www.webtheatre.fr","title":"30 \u00e8me Nuit des Moli\u00e8res - 28 mai 2018","author_name":"Marie-Laure Atinault","width":"1200","height":"800","url":"https:\/\/webtheatre.fr\/30-eme-Nuit-des-Molieres-28-mai","html":"\u003Ch4 class='title'\u003E\u003Ca href='https:\/\/webtheatre.fr\/30-eme-Nuit-des-Molieres-28-mai'\u003E30 \u00e8me Nuit des Moli\u00e8res - 28 mai 2018\u003C\/a\u003E\u003C\/h4\u003E\u003Cblockquote class='spip'\u003E\n\u003Cp\u003ELa c\u00e9r\u00e9monie des Moli\u00e8res est la grande f\u00eate du Th\u00e9\u00e2tre  Public et Priv\u00e9 Mano dans la Mano. \n\u003Cbr class='autobr' \/\u003E\nLa salle Pleyel accueille cette ann\u00e9e les membres de l\u2019Acad\u00e9mie. La pluie s\u2019est invit\u00e9e pour forcer les invit\u00e9s \u00e0 rejoindre leurs places rapidement. La c\u00e9r\u00e9monie sera diffus\u00e9e \u00e0 23 heures sur France t\u00e9l\u00e9visions. Dans le hall surchauff\u00e9 de la salle Pleyel, on croisse les nomm\u00e9s. Isabelle de Botton nomm\u00e9e dans la cat\u00e9gorie com\u00e9dienne dans un second r\u00f4le, porte une robe en lam\u00e9e, son metteur en sc\u00e8ne&nbsp;(\u2026)\u003C\/p\u003E\n\u003C\/blockquote\u003E\n"}